{"id":6317,"date":"2026-09-03T11:18:43","date_gmt":"2026-09-03T16:18:43","guid":{"rendered":"https:\/\/www.apucafe.com\/?page_id=6317"},"modified":"2026-09-03T11:50:17","modified_gmt":"2026-09-03T16:50:17","slug":"historia","status":"publish","type":"page","link":"https:\/\/www.apucafe.com\/en\/historia\/","title":{"rendered":"History"},"content":{"rendered":"<div data-elementor-type=\"wp-page\" data-elementor-id=\"6317\" class=\"elementor elementor-6317\">\n\t\t\t\t\t\t<section class=\"elementor-section elementor-top-section elementor-element elementor-element-6d3bf536 elementor-section-full_width elementor-section-height-default elementor-section-height-default\" data-id=\"6d3bf536\" data-element_type=\"section\" data-e-type=\"section\">\n\t\t\t\t\t\t<div class=\"elementor-container elementor-column-gap-no\">\n\t\t\t\t\t<div class=\"elementor-column elementor-col-100 elementor-top-column elementor-element elementor-element-3a53b48b\" data-id=\"3a53b48b\" data-element_type=\"column\" data-e-type=\"column\">\n\t\t\t<div class=\"elementor-widget-wrap elementor-element-populated\">\n\t\t\t\t\t\t<div class=\"elementor-element elementor-element-30efd87 elementor-widget elementor-widget-tastyc-history\" data-id=\"30efd87\" data-element_type=\"widget\" data-e-type=\"widget\" data-widget_type=\"tastyc-history.default\">\n\t\t\t\t<div class=\"elementor-widget-container\">\n\t\t\t\t\t\n    <!-- container -->\n    <div class=\"container tst-p-60-60\">\n\n      <div class=\"row align-items-center flex-sm-row-reverse\">\n                <div class=\"col-lg-12\">\n          <!-- about text -->\n          <div class=\"tst-mb-60 text-center\">\n                                    <h3 class=\"tst-title--h tst-mb-30\">\n              <span >\n                  L\u00cdNEA DE TIEMPO              <\/span>\n            <\/h3>\n                                    <p class=\"tst-text tst-title--desc tst-mb-30\">\n              <span >\n                  EL CAMINO DE APU CAF\u00c9              <\/span>\n            <\/p>\n                      <\/div>\n          <!-- about text end -->\n        <\/div>\n        \n                <div class=\"col-lg-12\">\n\n          <div class=\"tst-timeline\">\n                        <div class=\"tst-timeline-item tst-mb-30\">\n                            <div class=\"tst-year tst-mb-15\">\n                <span >\n                  1950                <\/span>\n              <\/div>\n                            <div class=\"tst-tl-content\">\n                                <div class=\"tst-ilust\">\n                  <img decoding=\"async\" src=\"https:\/\/www.apucafe.com\/wp-content\/uploads\/2021\/04\/st-coffee11-950x634.jpg\" alt=\"\" \/>\n                <\/div>\n                                <div class=\"tst-tl-text-frame\">\n                                    <h4 class=\"tst-mb-30\">\n                    <span >\n        \t        \t\tEl Origen y la Primera Generaci\u00f3n         \t        \t<\/span>\n                  <\/h4>\n                                                      <div class=\"tst-text\">\n                  \t<div >\n        \t        \t\t<p><strong>Sembrando las Ra\u00edces<br \/><em>La Elecci\u00f3n de una Tierra F\u00e9rtil<\/em><\/strong><\/p><p><em><strong>\u00c9poca:<\/strong> El Comienzo del Legado<\/em><\/p><p>Todo comenz\u00f3 con el amor por la monta\u00f1a del Huila. Los abuelos de la familia Llanos iniciaron este camino al establecerse en las laderas andinas de Teruel. All\u00ed, en lo que hoy conocemos como la Finca El Carmelo, sembraron los primeros cafetales familiares, transmitiendo a sus hijos un respeto sagrado por el suelo, el agua y el cultivo tradicional bajo sombra.<\/p>        \t        \t<\/div>\n                  <\/div>\n                                  <\/div>\n              <\/div>\n            <\/div>\n                        <div class=\"tst-timeline-item tst-mb-30\">\n                            <div class=\"tst-year tst-mb-15\">\n                <span >\n                  1980                <\/span>\n              <\/div>\n                            <div class=\"tst-tl-content\">\n                                <div class=\"tst-ilust\">\n                  <img decoding=\"async\" src=\"https:\/\/www.apucafe.com\/wp-content\/uploads\/2021\/12\/history-2.jpg\" alt=\"\" \/>\n                <\/div>\n                                <div class=\"tst-tl-text-frame\">\n                                    <h4 class=\"tst-mb-30\">\n                    <span >\n        \t        \t\tLa Segunda Generaci\u00f3n         \t        \t<\/span>\n                  <\/h4>\n                                                      <div class=\"tst-text\">\n                  \t<div >\n        \t        \t\t<p><strong>El Legado de Delf\u00edn Llanos<\/strong><\/p><p><em><strong>El Cuidado Artesanal de la Tierra<\/strong><\/em><\/p><p><em><strong>\u00c9poca:<\/strong> La Sabidur\u00eda Heredada<\/em><\/p><p>La segunda generaci\u00f3n de la familia, inspirada por Delf\u00edn Llanos, consolid\u00f3 la maestr\u00eda artesanal del cultivo. Aprendiendo a leer el clima a 1,700 metros de altitud y perfeccionando las t\u00e9cnicas de recolecci\u00f3n, esta generaci\u00f3n sent\u00f3 las bases de la responsabilidad socio-ambiental y la rigurosidad t\u00e9cnica que hoy rigen nuestra trilladora y tostadora.<\/p>        \t        \t<\/div>\n                  <\/div>\n                                  <\/div>\n              <\/div>\n            <\/div>\n                        <div class=\"tst-timeline-item tst-mb-30\">\n                            <div class=\"tst-year tst-mb-15\">\n                <span >\n                  2012                <\/span>\n              <\/div>\n                            <div class=\"tst-tl-content\">\n                                <div class=\"tst-ilust\">\n                  <img decoding=\"async\" src=\"https:\/\/www.apucafe.com\/wp-content\/uploads\/2021\/12\/history-3.jpg\" alt=\"\" \/>\n                <\/div>\n                                <div class=\"tst-tl-text-frame\">\n                                    <h4 class=\"tst-mb-30\">\n                    <span >\n        \t        \t\tEl Nacimiento de APU        \t        \t<\/span>\n                  <\/h4>\n                                                      <div class=\"tst-text\">\n                  \t<div >\n        \t        \t\t<p><strong>Un Nuevo Enfoque para el Caf\u00e9 de Especialidad<\/strong><\/p><p><em><strong>\u00c9poca:<\/strong> Tercera Generaci\u00f3n y Fundaci\u00f3n<\/em><\/p><p>En 2012, Catalina Castillo y Miguel Llanos fundaron oficialmente APU. Con una visi\u00f3n innovadora de comercio local e internacional, decidieron dar un valor agregado \u00fanico a las cosechas familiares, especializ\u00e1ndose exclusivamente en micro-lotes y variedades de caf\u00e9 de especialidad de alt\u00edsima calidad.<\/p>        \t        \t<\/div>\n                  <\/div>\n                                  <\/div>\n              <\/div>\n            <\/div>\n                        <div class=\"tst-timeline-item tst-mb-30\">\n                            <div class=\"tst-year tst-mb-15\">\n                <span >\n                  2015                <\/span>\n              <\/div>\n                            <div class=\"tst-tl-content\">\n                                <div class=\"tst-ilust\">\n                  <img decoding=\"async\" src=\"https:\/\/www.apucafe.com\/wp-content\/uploads\/2021\/05\/intro-about-950x633.jpg\" alt=\"\" \/>\n                <\/div>\n                                <div class=\"tst-tl-text-frame\">\n                                    <h4 class=\"tst-mb-30\">\n                    <span >\n        \t        \t\tDe la Finca al Laboratorio        \t        \t<\/span>\n                  <\/h4>\n                                                      <div class=\"tst-text\">\n                  \t<div >\n        \t        \t\t<p><strong>Consolidaci\u00f3n T\u00e9cnica <\/strong><br \/><em><strong>Tostado de Origen con Control Absoluto<\/strong><\/em><br \/><br \/><em><strong>\u00c9poca:<\/strong> Especializaci\u00f3n y Trazabilidad<\/em><\/p><p>Para garantizar una taza perfecta, implementamos cultivos propios en micro-lotes de variedades selectas. Establecimos nuestra propia planta certificada de torrefacci\u00f3n y laboratorio bajo el nombre de Trilladora Tostadora Delf\u00edn Llanos en Teruel, y logramos nuestro registro oficial en la base de datos de la Federaci\u00f3n Nacional de Cafeteros de Colombia (FNC).<\/p>        \t        \t<\/div>\n                  <\/div>\n                                  <\/div>\n              <\/div>\n            <\/div>\n                        <div class=\"tst-timeline-item tst-mb-30\">\n                            <div class=\"tst-year tst-mb-15\">\n                <span >\n                  2022                <\/span>\n              <\/div>\n                            <div class=\"tst-tl-content\">\n                                <div class=\"tst-ilust\">\n                  <img decoding=\"async\" src=\"https:\/\/www.apucafe.com\/wp-content\/uploads\/2021\/05\/blog-5.jpg\" alt=\"\" \/>\n                <\/div>\n                                <div class=\"tst-tl-text-frame\">\n                                    <h4 class=\"tst-mb-30\">\n                    <span >\n        \t        \t\tD\u00e9cimo Aniversario         \t        \t<\/span>\n                  <\/h4>\n                                                      <div class=\"tst-text\">\n                  \t<div >\n        \t        \t\t<p><strong>Diez A\u00f1os Cosechando Orgullo<\/strong><br \/><em><strong>El Reconocimiento del Territorio<\/strong><\/em><\/p><p><em><strong>\u00c9poca:<\/strong> Hitos y Celebraci\u00f3n<\/em><\/p><p>Celebramos nuestra primera d\u00e9cada de historia lanzando el exclusivo Kit Gesha Edici\u00f3n Limitada Aniversario #10. Durante esta etapa, el esfuerzo dio frutos visibles: obtuvimos el sello oficial Marca Origen Huila, el segundo puesto como \"Mejor Imagen de Caf\u00e9\" en ferias regionales y el tercer puesto en el campeonato de barismo de Neiva.<\/p>        \t        \t<\/div>\n                  <\/div>\n                                  <\/div>\n              <\/div>\n            <\/div>\n                        <div class=\"tst-timeline-item tst-mb-30\">\n                            <div class=\"tst-year tst-mb-15\">\n                <span >\n                  2026                <\/span>\n              <\/div>\n                            <div class=\"tst-tl-content\">\n                                <div class=\"tst-ilust\">\n                  <img decoding=\"async\" src=\"https:\/\/www.apucafe.com\/wp-content\/uploads\/2021\/12\/history-6.jpg\" alt=\"\" \/>\n                <\/div>\n                                <div class=\"tst-tl-text-frame\">\n                                    <h4 class=\"tst-mb-30\">\n                    <span >\n        \t        \t\tEl Presente         \t        \t<\/span>\n                  <\/h4>\n                                                      <div class=\"tst-text\">\n                  \t<div >\n        \t        \t\t<p><strong>Del Huila para el Mundo<\/strong><br \/><em><strong>Trascendiendo Fronteras<\/strong><\/em><\/p><p><em><strong>\u00c9poca:<\/strong> Actualidad y Expansi\u00f3n Global<\/em><\/p><p><strong>Hoy, APU es sin\u00f3nimo de liderazgo cafetero.<\/strong> Realizamos exportaciones directas de caf\u00e9 especial tostado (en grano y molido) a Europa, lideramos el mercado especializado de caf\u00e9s org\u00e1nicos en Bogot\u00e1 y distribuimos a todo el territorio nacional, siempre guiados por el mismo prop\u00f3sito: c<strong>rear una cultura de deleite para los amantes de una taza excepcional.<\/strong><\/p>        \t        \t<\/div>\n                  <\/div>\n                                  <\/div>\n              <\/div>\n            <\/div>\n                      <\/div>\n\n        <\/div>\n              <\/div>\n\n    <\/div>\n    <!-- container end -->\n\n\t\t\t\t\t\t<\/div>\n\t\t\t\t<\/div>\n\t\t\t\t\t<\/div>\n\t\t<\/div>\n\t\t\t\t\t<\/div>\n\t\t<\/section>\n\t\t\t\t<section class=\"elementor-section elementor-top-section elementor-element elementor-element-6a3cff31 elementor-section-full_width elementor-section-height-default elementor-section-height-default\" data-id=\"6a3cff31\" data-element_type=\"section\" data-e-type=\"section\">\n\t\t\t\t\t\t<div class=\"elementor-container elementor-column-gap-no\">\n\t\t\t\t\t<div class=\"elementor-column elementor-col-100 elementor-top-column elementor-element elementor-element-e2d7597\" data-id=\"e2d7597\" data-element_type=\"column\" data-e-type=\"column\">\n\t\t\t<div class=\"elementor-widget-wrap elementor-element-populated\">\n\t\t\t\t\t\t<div class=\"elementor-element elementor-element-6da0e005 elementor-widget elementor-widget-tastyc-cta\" data-id=\"6da0e005\" data-element_type=\"widget\" data-e-type=\"widget\" data-widget_type=\"tastyc-cta.default\">\n\t\t\t\t<div class=\"elementor-widget-container\">\n\t\t\t\t\t\t\t<div class=\"tst-content-frame--end tst-p-0-60\"><\/div>\n\n\t\t<!-- call to action -->\n\t    <div class=\"tst-call-to-action\">\n\t        <div class=\"container\">\n\n\t          <div class=\"row align-items-center\">\n\t            <div class=\"col-lg-6\">\n\t              <!-- text -->\n\t              <div class=\"tst-cta-frame\">\n\t                <div class=\"tst-cta\">\n\t                  \t                  <div class=\"tst-suptitle tst-suptitle-mobile-md-center tst-text-shadow tst-white-2 tst-mb-15 tst-fade-up\">\n\t                  \t<span >\n\t\t\t\t\t\t\tPoints of Sale\t\t\t\t\t\t<\/span>\n\t                  <\/div>\n\t                  \t                  \t                  <h2 class=\"tst-title--h tst-white-2 tst-text-shadow tst-mb-30 tst-fade-up\">\n\t                  \t<span >\n\t\t\t\t\t\t\tNuestras tiendas  <br>de caf\u00e9\t\t\t\t\t\t<\/span>\n\t                  <\/h2>\n\t                  \t                  \t                  <div class=\"tst-fade-up\">\n\t                    <div class=\"tst-text tst-text-lg tst-text-shadow tst-white-2\">\n\t                    \t<div >\n\t\t\t\t\t\t\t  \t<p>T\u00f3mese un caf\u00e9 fresco directo de finca y lleve un detalle a sus familias en nuestros puntos de venta.<\/p>\t\t\t\t\t\t\t<\/div>\n\t                    <\/div>\n\t                  <\/div>\n\t                  \t                  \t                  <a href=\"https:\/\/www.apucafe.com\/en\/puntos-de-venta\/\" class=\"tst-btn tst-btn-lg tst-btn-shadow tst-mt-30 tst-fade-up tst-res-btn tst-mr-30\">\n\t                  \t\t                  \t<span >\n\t\t\t\t\t\t\tPuntos de venta\t\t\t\t\t\t<\/span>\n\t                  <\/a>\n\t                  \t                  \t                  <a href=\"https:\/\/www.apucafe.com\/en\/contacto\/\" class=\"tst-label tst-white-2 tst-fade-up\">\n\t                  \t\t                  \t<span >\n\t\t\t\t\t\t\tCont\u00e1ctenos\t\t\t\t\t\t<\/span>\n\t                  <\/a>\n\t                  \t                <\/div>\n\t              <\/div>\n\t              <!-- text end -->\n\n\t            <\/div>\n\t            <div class=\"col-lg-6\">\n\t              \t              <!-- image -->\n\t              <img decoding=\"async\" src=\"https:\/\/www.apucafe.com\/wp-content\/uploads\/2021\/05\/reserved.png\" alt=\"\" class=\"tst-cta-image tst-fade-up\">\n\t              <!-- image end -->\n\t              \t            <\/div>\n\t          <\/div>\n\t        <\/div>\n\t    <\/div>\n\t    <!-- call to action end -->\n\n\t    <div class=\"tst-content-frame--start tst-p-60-0\"><\/div>\n\n\t\t\t\t\t\t<\/div>\n\t\t\t\t<\/div>\n\t\t\t\t\t<\/div>\n\t\t<\/div>\n\t\t\t\t\t<\/div>\n\t\t<\/section>\n\t\t\t\t<section class=\"elementor-section elementor-top-section elementor-element elementor-element-84d4a5b elementor-section-full_width elementor-section-height-default elementor-section-height-default\" data-id=\"84d4a5b\" data-element_type=\"section\" data-e-type=\"section\">\n\t\t\t\t\t\t<div class=\"elementor-container elementor-column-gap-no\">\n\t\t\t\t\t<div class=\"elementor-column elementor-col-100 elementor-top-column elementor-element elementor-element-6b5816c\" data-id=\"6b5816c\" data-element_type=\"column\" data-e-type=\"column\">\n\t\t\t<div class=\"elementor-widget-wrap\">\n\t\t\t\t\t\t\t<\/div>\n\t\t<\/div>\n\t\t\t\t\t<\/div>\n\t\t<\/section>\n\t\t\t\t<\/div>","protected":false},"excerpt":{"rendered":"<p>L\u00cdNEA DE TIEMPO EL CAMINO DE APU CAF\u00c9 1950 El Origen y la Primera Generaci\u00f3n Sembrando las Ra\u00edcesLa Elecci\u00f3n de una Tierra F\u00e9rtil \u00c9poca: El Comienzo del Legado Todo comenz\u00f3 con el amor por la monta\u00f1a del Huila. Los abuelos de la familia Llanos iniciaron este camino al establecerse en las laderas andinas de Teruel. All\u00ed, en lo que hoy&#8230; <span class=\"tst-el-more\"><a href=\"https:\/\/www.apucafe.com\/en\/historia\/\" class=\"tst-label tst-color tst-anima-link\">Read more<span class=\"screen-reader-text\">Read moreHistoria<\/span><\/a><\/span><\/p>","protected":false},"author":1,"featured_media":0,"parent":0,"menu_order":0,"comment_status":"closed","ping_status":"closed","template":"template-layout-builder.php","meta":{"_acf_changed":false,"inline_featured_image":false,"footnotes":""},"class_list":["post-6317","page","type-page","status-publish","hentry"],"acf":[],"yoast_head":"<!-- This site is optimized with the Yoast SEO plugin v28.4 - https:\/\/yoast.com\/product\/yoast-seo-wordpress\/ -->\n<title>Historia | Apu Caf\u00e9<\/title>\n<meta name=\"robots\" content=\"index, follow, max-snippet:-1, max-image-preview:large, max-video-preview:-1\" \/>\n<link rel=\"canonical\" href=\"https:\/\/www.apucafe.com\/en\/historia\/\" \/>\n<meta property=\"og:locale\" content=\"en_US\" \/>\n<meta property=\"og:type\" content=\"article\" \/>\n<meta property=\"og:title\" content=\"Historia | Apu Caf\u00e9\" \/>\n<meta property=\"og:description\" content=\"L\u00cdNEA DE TIEMPO EL CAMINO DE APU CAF\u00c9 1950 El Origen y la Primera Generaci\u00f3n Sembrando las Ra\u00edcesLa Elecci\u00f3n de una Tierra F\u00e9rtil \u00c9poca: El Comienzo del Legado Todo comenz\u00f3 con el amor por la monta\u00f1a del Huila. Los abuelos de la familia Llanos iniciaron este camino al establecerse en las laderas andinas de Teruel. All\u00ed, en lo que hoy... Read moreRead moreHistoria\" \/>\n<meta property=\"og:url\" content=\"https:\/\/www.apucafe.com\/en\/historia\/\" \/>\n<meta property=\"og:site_name\" content=\"Apu Caf\u00e9\" \/>\n<meta property=\"article:publisher\" content=\"https:\/\/www.facebook.com\/ApuCafe\" \/>\n<meta property=\"article:modified_time\" content=\"2026-09-03T16:50:17+00:00\" \/>\n<meta property=\"og:image\" content=\"https:\/\/www.apucafe.com\/wp-content\/uploads\/2021\/04\/st-coffee11-950x634.jpg\" \/>\n<meta name=\"twitter:card\" content=\"summary_large_image\" \/>\n<meta name=\"twitter:label1\" content=\"Est. reading time\" \/>\n\t<meta name=\"twitter:data1\" content=\"4 minutes\" \/>\n<script type=\"application\/ld+json\" class=\"yoast-schema-graph\">{\"@context\":\"https:\\\/\\\/schema.org\",\"@graph\":[{\"@type\":\"WebPage\",\"@id\":\"https:\\\/\\\/www.apucafe.com\\\/historia\\\/\",\"url\":\"https:\\\/\\\/www.apucafe.com\\\/historia\\\/\",\"name\":\"Historia | Apu Caf\u00e9\",\"isPartOf\":{\"@id\":\"https:\\\/\\\/www.apucafe.com\\\/#website\"},\"primaryImageOfPage\":{\"@id\":\"https:\\\/\\\/www.apucafe.com\\\/historia\\\/#primaryimage\"},\"image\":{\"@id\":\"https:\\\/\\\/www.apucafe.com\\\/historia\\\/#primaryimage\"},\"thumbnailUrl\":\"https:\\\/\\\/www.apucafe.com\\\/wp-content\\\/uploads\\\/2021\\\/04\\\/st-coffee11-950x634.jpg\",\"datePublished\":\"2026-09-03T16:18:43+00:00\",\"dateModified\":\"2026-09-03T16:50:17+00:00\",\"breadcrumb\":{\"@id\":\"https:\\\/\\\/www.apucafe.com\\\/historia\\\/#breadcrumb\"},\"inLanguage\":\"en-US\",\"potentialAction\":[{\"@type\":\"ReadAction\",\"target\":[\"https:\\\/\\\/www.apucafe.com\\\/historia\\\/\"]}]},{\"@type\":\"ImageObject\",\"inLanguage\":\"en-US\",\"@id\":\"https:\\\/\\\/www.apucafe.com\\\/historia\\\/#primaryimage\",\"url\":\"https:\\\/\\\/www.apucafe.com\\\/wp-content\\\/uploads\\\/2021\\\/04\\\/st-coffee11-950x634.jpg\",\"contentUrl\":\"https:\\\/\\\/www.apucafe.com\\\/wp-content\\\/uploads\\\/2021\\\/04\\\/st-coffee11-950x634.jpg\"},{\"@type\":\"BreadcrumbList\",\"@id\":\"https:\\\/\\\/www.apucafe.com\\\/historia\\\/#breadcrumb\",\"itemListElement\":[{\"@type\":\"ListItem\",\"position\":1,\"name\":\"Portada\",\"item\":\"https:\\\/\\\/www.apucafe.com\\\/\"},{\"@type\":\"ListItem\",\"position\":2,\"name\":\"Historia\"}]},{\"@type\":\"WebSite\",\"@id\":\"https:\\\/\\\/www.apucafe.com\\\/#website\",\"url\":\"https:\\\/\\\/www.apucafe.com\\\/\",\"name\":\"Apu Caf\u00e9\",\"description\":\"Caf\u00e9 Colombiano\",\"publisher\":{\"@id\":\"https:\\\/\\\/www.apucafe.com\\\/#organization\"},\"potentialAction\":[{\"@type\":\"SearchAction\",\"target\":{\"@type\":\"EntryPoint\",\"urlTemplate\":\"https:\\\/\\\/www.apucafe.com\\\/?s={search_term_string}\"},\"query-input\":{\"@type\":\"PropertyValueSpecification\",\"valueRequired\":true,\"valueName\":\"search_term_string\"}}],\"inLanguage\":\"en-US\"},{\"@type\":\"Organization\",\"@id\":\"https:\\\/\\\/www.apucafe.com\\\/#organization\",\"name\":\"APU Caf\u00e9\",\"url\":\"https:\\\/\\\/www.apucafe.com\\\/\",\"logo\":{\"@type\":\"ImageObject\",\"inLanguage\":\"en-US\",\"@id\":\"https:\\\/\\\/www.apucafe.com\\\/#\\\/schema\\\/logo\\\/image\\\/\",\"url\":\"https:\\\/\\\/www.apucafe.com\\\/wp-content\\\/uploads\\\/2020\\\/11\\\/logo.png\",\"contentUrl\":\"https:\\\/\\\/www.apucafe.com\\\/wp-content\\\/uploads\\\/2020\\\/11\\\/logo.png\",\"width\":664,\"height\":670,\"caption\":\"APU Caf\u00e9\"},\"image\":{\"@id\":\"https:\\\/\\\/www.apucafe.com\\\/#\\\/schema\\\/logo\\\/image\\\/\"},\"sameAs\":[\"https:\\\/\\\/www.facebook.com\\\/ApuCafe\",\"https:\\\/\\\/www.instagram.com\\\/apucafe\\\/\"]}]}<\/script>\n<!-- \/ Yoast SEO plugin. -->","yoast_head_json":{"title":"Historia | Apu Caf\u00e9","robots":{"index":"index","follow":"follow","max-snippet":"max-snippet:-1","max-image-preview":"max-image-preview:large","max-video-preview":"max-video-preview:-1"},"canonical":"https:\/\/www.apucafe.com\/en\/historia\/","og_locale":"en_US","og_type":"article","og_title":"Historia | Apu Caf\u00e9","og_description":"L\u00cdNEA DE TIEMPO EL CAMINO DE APU CAF\u00c9 1950 El Origen y la Primera Generaci\u00f3n Sembrando las Ra\u00edcesLa Elecci\u00f3n de una Tierra F\u00e9rtil \u00c9poca: El Comienzo del Legado Todo comenz\u00f3 con el amor por la monta\u00f1a del Huila. Los abuelos de la familia Llanos iniciaron este camino al establecerse en las laderas andinas de Teruel. All\u00ed, en lo que hoy... Read moreRead moreHistoria","og_url":"https:\/\/www.apucafe.com\/en\/historia\/","og_site_name":"Apu Caf\u00e9","article_publisher":"https:\/\/www.facebook.com\/ApuCafe","article_modified_time":"2026-09-03T16:50:17+00:00","og_image":[{"url":"https:\/\/www.apucafe.com\/wp-content\/uploads\/2021\/04\/st-coffee11-950x634.jpg","type":"","width":"","height":""}],"twitter_card":"summary_large_image","twitter_misc":{"Est. reading time":"4 minutes"},"schema":{"@context":"https:\/\/schema.org","@graph":[{"@type":"WebPage","@id":"https:\/\/www.apucafe.com\/historia\/","url":"https:\/\/www.apucafe.com\/historia\/","name":"Historia | Apu Caf\u00e9","isPartOf":{"@id":"https:\/\/www.apucafe.com\/#website"},"primaryImageOfPage":{"@id":"https:\/\/www.apucafe.com\/historia\/#primaryimage"},"image":{"@id":"https:\/\/www.apucafe.com\/historia\/#primaryimage"},"thumbnailUrl":"https:\/\/www.apucafe.com\/wp-content\/uploads\/2021\/04\/st-coffee11-950x634.jpg","datePublished":"2026-09-03T16:18:43+00:00","dateModified":"2026-09-03T16:50:17+00:00","breadcrumb":{"@id":"https:\/\/www.apucafe.com\/historia\/#breadcrumb"},"inLanguage":"en-US","potentialAction":[{"@type":"ReadAction","target":["https:\/\/www.apucafe.com\/historia\/"]}]},{"@type":"ImageObject","inLanguage":"en-US","@id":"https:\/\/www.apucafe.com\/historia\/#primaryimage","url":"https:\/\/www.apucafe.com\/wp-content\/uploads\/2021\/04\/st-coffee11-950x634.jpg","contentUrl":"https:\/\/www.apucafe.com\/wp-content\/uploads\/2021\/04\/st-coffee11-950x634.jpg"},{"@type":"BreadcrumbList","@id":"https:\/\/www.apucafe.com\/historia\/#breadcrumb","itemListElement":[{"@type":"ListItem","position":1,"name":"Portada","item":"https:\/\/www.apucafe.com\/"},{"@type":"ListItem","position":2,"name":"Historia"}]},{"@type":"WebSite","@id":"https:\/\/www.apucafe.com\/#website","url":"https:\/\/www.apucafe.com\/","name":"Apu Caf\u00e9","description":"Caf\u00e9 Colombiano","publisher":{"@id":"https:\/\/www.apucafe.com\/#organization"},"potentialAction":[{"@type":"SearchAction","target":{"@type":"EntryPoint","urlTemplate":"https:\/\/www.apucafe.com\/?s={search_term_string}"},"query-input":{"@type":"PropertyValueSpecification","valueRequired":true,"valueName":"search_term_string"}}],"inLanguage":"en-US"},{"@type":"Organization","@id":"https:\/\/www.apucafe.com\/#organization","name":"APU Coffee","url":"https:\/\/www.apucafe.com\/","logo":{"@type":"ImageObject","inLanguage":"en-US","@id":"https:\/\/www.apucafe.com\/#\/schema\/logo\/image\/","url":"https:\/\/www.apucafe.com\/wp-content\/uploads\/2020\/11\/logo.png","contentUrl":"https:\/\/www.apucafe.com\/wp-content\/uploads\/2020\/11\/logo.png","width":664,"height":670,"caption":"APU Caf\u00e9"},"image":{"@id":"https:\/\/www.apucafe.com\/#\/schema\/logo\/image\/"},"sameAs":["https:\/\/www.facebook.com\/ApuCafe","https:\/\/www.instagram.com\/apucafe\/"]}]}},"_links":{"self":[{"href":"https:\/\/www.apucafe.com\/en\/wp-json\/wp\/v2\/pages\/6317","targetHints":{"allow":["GET"]}}],"collection":[{"href":"https:\/\/www.apucafe.com\/en\/wp-json\/wp\/v2\/pages"}],"about":[{"href":"https:\/\/www.apucafe.com\/en\/wp-json\/wp\/v2\/types\/page"}],"author":[{"embeddable":true,"href":"https:\/\/www.apucafe.com\/en\/wp-json\/wp\/v2\/users\/1"}],"replies":[{"embeddable":true,"href":"https:\/\/www.apucafe.com\/en\/wp-json\/wp\/v2\/comments?post=6317"}],"version-history":[{"count":14,"href":"https:\/\/www.apucafe.com\/en\/wp-json\/wp\/v2\/pages\/6317\/revisions"}],"predecessor-version":[{"id":6344,"href":"https:\/\/www.apucafe.com\/en\/wp-json\/wp\/v2\/pages\/6317\/revisions\/6344"}],"wp:attachment":[{"href":"https:\/\/www.apucafe.com\/en\/wp-json\/wp\/v2\/media?parent=6317"}],"curies":[{"name":"wp","href":"https:\/\/api.w.org\/{rel}","templated":true}]}}