{"id":6242,"date":"2026-09-02T16:53:34","date_gmt":"2026-09-02T21:53:34","guid":{"rendered":"https:\/\/www.apucafe.com\/?page_id=6242"},"modified":"2026-09-04T09:53:41","modified_gmt":"2026-09-04T14:53:41","slug":"responsabiidad","status":"publish","type":"page","link":"https:\/\/www.apucafe.com\/en\/responsabiidad\/","title":{"rendered":"Responsibility"},"content":{"rendered":"<div data-elementor-type=\"wp-page\" data-elementor-id=\"6242\" class=\"elementor elementor-6242\">\n\t\t\t\t\t\t<section class=\"elementor-section elementor-top-section elementor-element elementor-element-5b5977c elementor-section-full_width elementor-section-height-default elementor-section-height-default\" data-id=\"5b5977c\" data-element_type=\"section\" data-e-type=\"section\">\n\t\t\t\t\t\t<div class=\"elementor-container elementor-column-gap-no\">\n\t\t\t\t\t<div class=\"elementor-column elementor-col-100 elementor-top-column elementor-element elementor-element-385c76b\" data-id=\"385c76b\" data-element_type=\"column\" data-e-type=\"column\">\n\t\t\t<div class=\"elementor-widget-wrap elementor-element-populated\">\n\t\t\t\t\t\t<div class=\"elementor-element elementor-element-b0bcc1a elementor-widget elementor-widget-tastyc-services-grid\" data-id=\"b0bcc1a\" data-element_type=\"widget\" data-e-type=\"widget\" data-widget_type=\"tastyc-services-grid.default\">\n\t\t\t\t<div class=\"elementor-widget-container\">\n\t\t\t\t\t\n\t\t<!-- container -->\n\t\t<div class=\"container\">\n\n\t\t<div class=\"row tst-mb-60\">\n\t\t            <div class=\"col-lg-12\">\n\n            <!-- title -->\n            <div class=\"text-center\">\n                            <div class=\"tst-suptitle tst-suptitle-center tst-mb-15\">\n              \t<span >\n\t\t          \tEl Caf\u00e9 como un Estilo de Vida:\t\t        <\/span>\n              <\/div>\n                                          <h3 class=\"tst-title--h tst-mb-30\">\n              \t<span >\n\t\t          \tPersonas, Comunidades y Sue\u00f1os\t\t        <\/span>\n              <\/h3>\n                                          <p class=\"tst-text tst-title--desc tst-mb-60\">\n              \t<span >\n\t\t          \tEn <b>APU SAS<\/b> entendemos que una taza de caf\u00e9 extraordinaria no solo se define por su fragancia y sabor, sino por el bienestar de las manos que la hacen posible. Para nosotros, el <b>caf\u00e9 de especialidad <\/b>es un estilo de vida donde se entrelazan personas, comunidades, experiencias y sue\u00f1os. <br>Nuestro compromiso con una sociedad m\u00e1s igualitaria y con la preservaci\u00f3n del entorno es una labor org\u00e1nica; nunca hemos buscado nada m\u00e1s all\u00e1 de lo que podemos generar para nuestra comunidad. Sin embargo, este esfuerzo genuino ha llamado la atenci\u00f3n del mundo exterior, cosechando valiosos reconocimientos que nos inspiran a seguir creyendo en el poder de nuestras ideas.\t\t        <\/span>\n              <\/p>\n                          <\/div>\n            <!-- title end -->\n\n          <\/div>\n          \n          \t\t            <div class=\"col-lg-12\">\n\n            <!-- services box -->\n            <div class=\"tst-services-box\">\n                            <div class=\"image\"><img decoding=\"async\" src=\"https:\/\/www.apucafe.com\/wp-content\/uploads\/2021\/04\/st-coffee1.jpg\" alt=\"\" \/><\/div>\n                            <div class=\"desc\">\n                            <div class=\"tst-suptitle tst-mb-15\">\n              \t<span >\n\t        \t\tI. El Latido de la Finca:\t        \t<\/span>\n              <\/div>\n                                          <h3 class=\"tst-mb-30\">\n              \t<span >\n\t        \t\tReserva y Biodiversidad\t        \t<\/span>\n          <\/h3>\n                                          <div class=\"tst-text\">\n              \t<div >\n\t        \t\t<ul>\n \t<li><strong>Santuario de Selva Virgen y Agua Vital:<\/strong>\nNuestra finca no es solo un \u00e1rea de cultivo; es un territorio vivo. Con orgullo, hemos dejado en reserva de selva virgen el 50 % de su \u00e1rea, protegiendo el ecosistema andino y abasteciendo de agua potable directamente a 100 viviendas de la comunidad de Teruel.<\/li>\n<\/ul>\n&nbsp;\n<ul>\n \t<li><strong>Un Ecosistema Sostenible bajo la Sombra:<\/strong>\nNuestros cultivos crecen en armon\u00eda bajo un dosel forestal diverso. Convivimos con \u00e1rboles nativos, frutales, pl\u00e1tano, flores silvestres, una gran variedad de heliconias, guamo, chachafruto, yarumo, bamb\u00fa y caucho, entre muchos otros. Este ecosistema no solo enriquece el suelo y el perfil de la taza, sino que genera un hogar seguro y abundante alimento para la fauna silvestre de la monta\u00f1a.<\/li>\n<\/ul>\t        \t<\/div>\n              <\/div>\n                                      \t  <\/div>\n            <\/div>\n            <!-- services box end -->\n\n          <\/div>\n                    <div class=\"col-lg-12\">\n\n            <!-- services box -->\n            <div class=\"tst-services-box\">\n                            <div class=\"image\"><img decoding=\"async\" src=\"https:\/\/www.apucafe.com\/wp-content\/uploads\/2021\/04\/st-coffee3.jpg\" alt=\"\" \/><\/div>\n                            <div class=\"desc\">\n                            <div class=\"tst-suptitle tst-mb-15\">\n              \t<span >\n\t        \t\tII. El Coraz\u00f3n de Nuestra Comunidad:\t        \t<\/span>\n              <\/div>\n                                          <h3 class=\"tst-mb-30\">\n              \t<span >\n\t        \t\tEquidad y Educaci\u00f3n\t        \t<\/span>\n          <\/h3>\n                                          <div class=\"tst-text\">\n              \t<div >\n\t        \t\t<ul>\n \t<li><strong>Empoderamiento Femenino desde el Origen:<\/strong>\nCreemos firmemente en el liderazgo, la delicadeza y la equidad. Por eso, el trabajo de la mujer representa el 99 % en nuestro local de caf\u00e9 APU, complementado con una alt\u00edsima y valiosa participaci\u00f3n femenina en las labores agr\u00edcolas de nuestra finca.<\/li>\n<\/ul>\n&nbsp;\n<ul> \t\n<li><strong>Sembrando el Futuro de Teruel:<\/strong>\nLa continuidad de nuestro legado depende de las nuevas generaciones. En APU apoyamos activamente el desarrollo del talento local, otorgando reconocimientos y est\u00edmulos especiales a los estudiantes de las escuelas y colegios de Teruel para inspirar su crecimiento y fortalecer su identidad con el territorio<\/li>\n<\/ul>\t        \t<\/div>\n              <\/div>\n                                      \t  <\/div>\n            <\/div>\n            <!-- services box end -->\n\n          <\/div>\n                    \n        <\/div>\n\n        <div class=\"tst-spacer tst-spacer-only-bottom-space\"><\/div>\n\n\t\t<\/div>\n\t\t<!-- container end -->\n\n\t\t\t\t\t\t<\/div>\n\t\t\t\t<\/div>\n\t\t\t\t\t<\/div>\n\t\t<\/div>\n\t\t\t\t\t<\/div>\n\t\t<\/section>\n\t\t\t\t<section class=\"elementor-section elementor-top-section elementor-element elementor-element-e7cbd97 elementor-section-full_width elementor-section-height-default elementor-section-height-default\" data-id=\"e7cbd97\" data-element_type=\"section\" data-e-type=\"section\">\n\t\t\t\t\t\t<div class=\"elementor-container elementor-column-gap-no\">\n\t\t\t\t\t<div class=\"elementor-column elementor-col-100 elementor-top-column elementor-element elementor-element-37b6c78\" data-id=\"37b6c78\" data-element_type=\"column\" data-e-type=\"column\">\n\t\t\t<div class=\"elementor-widget-wrap elementor-element-populated\">\n\t\t\t\t\t\t<div class=\"elementor-element elementor-element-a8c982f elementor-widget elementor-widget-tastyc-cta\" data-id=\"a8c982f\" data-element_type=\"widget\" data-e-type=\"widget\" data-widget_type=\"tastyc-cta.default\">\n\t\t\t\t<div class=\"elementor-widget-container\">\n\t\t\t\t\t\t\t<div class=\"tst-content-frame--end tst-p-0-60\"><\/div>\n\n\t\t<!-- call to action -->\n\t    <div class=\"tst-call-to-action\">\n\t        <div class=\"container\">\n\n\t          <div class=\"row align-items-center\">\n\t            <div class=\"col-lg-6\">\n\t              <!-- text -->\n\t              <div class=\"tst-cta-frame\">\n\t                <div class=\"tst-cta\">\n\t                  \t                  <div class=\"tst-suptitle tst-suptitle-mobile-md-center tst-text-shadow tst-white-2 tst-mb-15 tst-fade-up\">\n\t                  \t<span >\n\t\t\t\t\t\t\tPoints of Sale\t\t\t\t\t\t<\/span>\n\t                  <\/div>\n\t                  \t                  \t                  <h2 class=\"tst-title--h tst-white-2 tst-text-shadow tst-mb-30 tst-fade-up\">\n\t                  \t<span >\n\t\t\t\t\t\t\tNuestras tiendas  <br>de caf\u00e9\t\t\t\t\t\t<\/span>\n\t                  <\/h2>\n\t                  \t                  \t                  <div class=\"tst-fade-up\">\n\t                    <div class=\"tst-text tst-text-lg tst-text-shadow tst-white-2\">\n\t                    \t<div >\n\t\t\t\t\t\t\t  \t<p>T\u00f3mese un caf\u00e9 fresco directo de finca y lleve un detalle a sus familias en nuestros puntos de venta.<\/p>\t\t\t\t\t\t\t<\/div>\n\t                    <\/div>\n\t                  <\/div>\n\t                  \t                  \t                  <a href=\"https:\/\/www.apucafe.com\/en\/puntos-de-venta\/\" class=\"tst-btn tst-btn-lg tst-btn-shadow tst-mt-30 tst-fade-up tst-res-btn tst-mr-30\">\n\t                  \t\t                  \t<span >\n\t\t\t\t\t\t\tPuntos de venta\t\t\t\t\t\t<\/span>\n\t                  <\/a>\n\t                  \t                  \t                  <a href=\"https:\/\/www.apucafe.com\/en\/contacto\/\" class=\"tst-label tst-white-2 tst-fade-up\">\n\t                  \t\t                  \t<span >\n\t\t\t\t\t\t\tCont\u00e1ctenos\t\t\t\t\t\t<\/span>\n\t                  <\/a>\n\t                  \t                <\/div>\n\t              <\/div>\n\t              <!-- text end -->\n\n\t            <\/div>\n\t            <div class=\"col-lg-6\">\n\t              \t              <!-- image -->\n\t              <img decoding=\"async\" src=\"https:\/\/www.apucafe.com\/wp-content\/uploads\/2021\/05\/reserved.png\" alt=\"\" class=\"tst-cta-image tst-fade-up\">\n\t              <!-- image end -->\n\t              \t            <\/div>\n\t          <\/div>\n\t        <\/div>\n\t    <\/div>\n\t    <!-- call to action end -->\n\n\t    <div class=\"tst-content-frame--start tst-p-60-0\"><\/div>\n\n\t\t\t\t\t\t<\/div>\n\t\t\t\t<\/div>\n\t\t\t\t\t<\/div>\n\t\t<\/div>\n\t\t\t\t\t<\/div>\n\t\t<\/section>\n\t\t\t\t<section class=\"elementor-section elementor-top-section elementor-element elementor-element-b5f55aa elementor-section-full_width elementor-section-height-default elementor-section-height-default\" data-id=\"b5f55aa\" data-element_type=\"section\" data-e-type=\"section\" data-settings=\"{&quot;background_background&quot;:&quot;slideshow&quot;,&quot;background_slideshow_gallery&quot;:[],&quot;background_slideshow_loop&quot;:&quot;yes&quot;,&quot;background_slideshow_slide_duration&quot;:5000,&quot;background_slideshow_slide_transition&quot;:&quot;fade&quot;,&quot;background_slideshow_transition_duration&quot;:500}\">\n\t\t\t\t\t\t<div class=\"elementor-container elementor-column-gap-default\">\n\t\t\t\t\t<div class=\"elementor-column elementor-col-100 elementor-top-column elementor-element elementor-element-c63c864\" data-id=\"c63c864\" data-element_type=\"column\" data-e-type=\"column\">\n\t\t\t<div class=\"elementor-widget-wrap elementor-element-populated\">\n\t\t\t\t\t\t<div class=\"elementor-element elementor-element-e1e27a8 elementor-widget elementor-widget-image\" data-id=\"e1e27a8\" data-element_type=\"widget\" data-e-type=\"widget\" data-widget_type=\"image.default\">\n\t\t\t\t\t\t\t\t\t\t\t\t\t\t\t<img decoding=\"async\" src=\"https:\/\/www.apucafe.com\/wp-content\/plugins\/elementor\/assets\/images\/placeholder.png\" title=\"\" alt=\"\" loading=\"lazy\" \/>\t\t\t\t\t\t\t\t\t\t\t\t\t\t\t<\/div>\n\t\t\t\t\t<\/div>\n\t\t<\/div>\n\t\t\t\t\t<\/div>\n\t\t<\/section>\n\t\t\t\t<\/div>","protected":false},"excerpt":{"rendered":"<p>El Caf\u00e9 como un Estilo de Vida: Personas, Comunidades y Sue\u00f1os En APU SAS entendemos que una taza de caf\u00e9 extraordinaria no solo se define por su fragancia y sabor, sino por el bienestar de las manos que la hacen posible. Para nosotros, el caf\u00e9 de especialidad es un estilo de vida donde se entrelazan personas, comunidades, experiencias y sue\u00f1os&#8230;. <span class=\"tst-el-more\"><a href=\"https:\/\/www.apucafe.com\/en\/responsabiidad\/\" class=\"tst-label tst-color tst-anima-link\">Read more<span class=\"screen-reader-text\">Read moreResponsabilidad<\/span><\/a><\/span><\/p>","protected":false},"author":1,"featured_media":0,"parent":0,"menu_order":0,"comment_status":"closed","ping_status":"closed","template":"template-layout-builder.php","meta":{"_acf_changed":false,"inline_featured_image":false,"footnotes":""},"class_list":["post-6242","page","type-page","status-publish","hentry"],"acf":[],"yoast_head":"<!-- This site is optimized with the Yoast SEO plugin v28.4 - https:\/\/yoast.com\/product\/yoast-seo-wordpress\/ -->\n<title>Responsabilidad | Apu Caf\u00e9<\/title>\n<meta name=\"robots\" content=\"index, follow, max-snippet:-1, max-image-preview:large, max-video-preview:-1\" \/>\n<link rel=\"canonical\" href=\"https:\/\/www.apucafe.com\/en\/responsabiidad\/\" \/>\n<meta property=\"og:locale\" content=\"en_US\" \/>\n<meta property=\"og:type\" content=\"article\" \/>\n<meta property=\"og:title\" content=\"Responsabilidad | Apu Caf\u00e9\" \/>\n<meta property=\"og:description\" content=\"El Caf\u00e9 como un Estilo de Vida: Personas, Comunidades y Sue\u00f1os En APU SAS entendemos que una taza de caf\u00e9 extraordinaria no solo se define por su fragancia y sabor, sino por el bienestar de las manos que la hacen posible. Para nosotros, el caf\u00e9 de especialidad es un estilo de vida donde se entrelazan personas, comunidades, experiencias y sue\u00f1os.... Read moreRead moreResponsabilidad\" \/>\n<meta property=\"og:url\" content=\"https:\/\/www.apucafe.com\/en\/responsabiidad\/\" \/>\n<meta property=\"og:site_name\" content=\"Apu Caf\u00e9\" \/>\n<meta property=\"article:publisher\" content=\"https:\/\/www.facebook.com\/ApuCafe\" \/>\n<meta property=\"article:modified_time\" content=\"2026-09-04T14:53:41+00:00\" \/>\n<meta property=\"og:image\" content=\"https:\/\/www.apucafe.com\/wp-content\/uploads\/2021\/04\/st-coffee1.jpg\" \/>\n<meta name=\"twitter:card\" content=\"summary_large_image\" \/>\n<meta name=\"twitter:label1\" content=\"Est. reading time\" \/>\n\t<meta name=\"twitter:data1\" content=\"3 minutes\" \/>\n<script type=\"application\/ld+json\" class=\"yoast-schema-graph\">{\"@context\":\"https:\\\/\\\/schema.org\",\"@graph\":[{\"@type\":\"WebPage\",\"@id\":\"https:\\\/\\\/www.apucafe.com\\\/responsabiidad\\\/\",\"url\":\"https:\\\/\\\/www.apucafe.com\\\/responsabiidad\\\/\",\"name\":\"Responsabilidad | Apu Caf\u00e9\",\"isPartOf\":{\"@id\":\"https:\\\/\\\/www.apucafe.com\\\/#website\"},\"primaryImageOfPage\":{\"@id\":\"https:\\\/\\\/www.apucafe.com\\\/responsabiidad\\\/#primaryimage\"},\"image\":{\"@id\":\"https:\\\/\\\/www.apucafe.com\\\/responsabiidad\\\/#primaryimage\"},\"thumbnailUrl\":\"https:\\\/\\\/www.apucafe.com\\\/wp-content\\\/uploads\\\/2021\\\/04\\\/st-coffee1.jpg\",\"datePublished\":\"2026-09-02T21:53:34+00:00\",\"dateModified\":\"2026-09-04T14:53:41+00:00\",\"breadcrumb\":{\"@id\":\"https:\\\/\\\/www.apucafe.com\\\/responsabiidad\\\/#breadcrumb\"},\"inLanguage\":\"en-US\",\"potentialAction\":[{\"@type\":\"ReadAction\",\"target\":[\"https:\\\/\\\/www.apucafe.com\\\/responsabiidad\\\/\"]}]},{\"@type\":\"ImageObject\",\"inLanguage\":\"en-US\",\"@id\":\"https:\\\/\\\/www.apucafe.com\\\/responsabiidad\\\/#primaryimage\",\"url\":\"https:\\\/\\\/www.apucafe.com\\\/wp-content\\\/uploads\\\/2021\\\/04\\\/st-coffee1.jpg\",\"contentUrl\":\"https:\\\/\\\/www.apucafe.com\\\/wp-content\\\/uploads\\\/2021\\\/04\\\/st-coffee1.jpg\"},{\"@type\":\"BreadcrumbList\",\"@id\":\"https:\\\/\\\/www.apucafe.com\\\/responsabiidad\\\/#breadcrumb\",\"itemListElement\":[{\"@type\":\"ListItem\",\"position\":1,\"name\":\"Portada\",\"item\":\"https:\\\/\\\/www.apucafe.com\\\/\"},{\"@type\":\"ListItem\",\"position\":2,\"name\":\"Responsabilidad\"}]},{\"@type\":\"WebSite\",\"@id\":\"https:\\\/\\\/www.apucafe.com\\\/#website\",\"url\":\"https:\\\/\\\/www.apucafe.com\\\/\",\"name\":\"Apu Caf\u00e9\",\"description\":\"Caf\u00e9 Colombiano\",\"publisher\":{\"@id\":\"https:\\\/\\\/www.apucafe.com\\\/#organization\"},\"potentialAction\":[{\"@type\":\"SearchAction\",\"target\":{\"@type\":\"EntryPoint\",\"urlTemplate\":\"https:\\\/\\\/www.apucafe.com\\\/?s={search_term_string}\"},\"query-input\":{\"@type\":\"PropertyValueSpecification\",\"valueRequired\":true,\"valueName\":\"search_term_string\"}}],\"inLanguage\":\"en-US\"},{\"@type\":\"Organization\",\"@id\":\"https:\\\/\\\/www.apucafe.com\\\/#organization\",\"name\":\"APU Caf\u00e9\",\"url\":\"https:\\\/\\\/www.apucafe.com\\\/\",\"logo\":{\"@type\":\"ImageObject\",\"inLanguage\":\"en-US\",\"@id\":\"https:\\\/\\\/www.apucafe.com\\\/#\\\/schema\\\/logo\\\/image\\\/\",\"url\":\"https:\\\/\\\/www.apucafe.com\\\/wp-content\\\/uploads\\\/2020\\\/11\\\/logo.png\",\"contentUrl\":\"https:\\\/\\\/www.apucafe.com\\\/wp-content\\\/uploads\\\/2020\\\/11\\\/logo.png\",\"width\":664,\"height\":670,\"caption\":\"APU Caf\u00e9\"},\"image\":{\"@id\":\"https:\\\/\\\/www.apucafe.com\\\/#\\\/schema\\\/logo\\\/image\\\/\"},\"sameAs\":[\"https:\\\/\\\/www.facebook.com\\\/ApuCafe\",\"https:\\\/\\\/www.instagram.com\\\/apucafe\\\/\"]}]}<\/script>\n<!-- \/ Yoast SEO plugin. -->","yoast_head_json":{"title":"Responsabilidad | Apu Caf\u00e9","robots":{"index":"index","follow":"follow","max-snippet":"max-snippet:-1","max-image-preview":"max-image-preview:large","max-video-preview":"max-video-preview:-1"},"canonical":"https:\/\/www.apucafe.com\/en\/responsabiidad\/","og_locale":"en_US","og_type":"article","og_title":"Responsabilidad | Apu Caf\u00e9","og_description":"El Caf\u00e9 como un Estilo de Vida: Personas, Comunidades y Sue\u00f1os En APU SAS entendemos que una taza de caf\u00e9 extraordinaria no solo se define por su fragancia y sabor, sino por el bienestar de las manos que la hacen posible. Para nosotros, el caf\u00e9 de especialidad es un estilo de vida donde se entrelazan personas, comunidades, experiencias y sue\u00f1os.... Read moreRead moreResponsabilidad","og_url":"https:\/\/www.apucafe.com\/en\/responsabiidad\/","og_site_name":"Apu Caf\u00e9","article_publisher":"https:\/\/www.facebook.com\/ApuCafe","article_modified_time":"2026-09-04T14:53:41+00:00","og_image":[{"url":"https:\/\/www.apucafe.com\/wp-content\/uploads\/2021\/04\/st-coffee1.jpg","type":"","width":"","height":""}],"twitter_card":"summary_large_image","twitter_misc":{"Est. reading time":"3 minutes"},"schema":{"@context":"https:\/\/schema.org","@graph":[{"@type":"WebPage","@id":"https:\/\/www.apucafe.com\/responsabiidad\/","url":"https:\/\/www.apucafe.com\/responsabiidad\/","name":"Responsabilidad | Apu Caf\u00e9","isPartOf":{"@id":"https:\/\/www.apucafe.com\/#website"},"primaryImageOfPage":{"@id":"https:\/\/www.apucafe.com\/responsabiidad\/#primaryimage"},"image":{"@id":"https:\/\/www.apucafe.com\/responsabiidad\/#primaryimage"},"thumbnailUrl":"https:\/\/www.apucafe.com\/wp-content\/uploads\/2021\/04\/st-coffee1.jpg","datePublished":"2026-09-02T21:53:34+00:00","dateModified":"2026-09-04T14:53:41+00:00","breadcrumb":{"@id":"https:\/\/www.apucafe.com\/responsabiidad\/#breadcrumb"},"inLanguage":"en-US","potentialAction":[{"@type":"ReadAction","target":["https:\/\/www.apucafe.com\/responsabiidad\/"]}]},{"@type":"ImageObject","inLanguage":"en-US","@id":"https:\/\/www.apucafe.com\/responsabiidad\/#primaryimage","url":"https:\/\/www.apucafe.com\/wp-content\/uploads\/2021\/04\/st-coffee1.jpg","contentUrl":"https:\/\/www.apucafe.com\/wp-content\/uploads\/2021\/04\/st-coffee1.jpg"},{"@type":"BreadcrumbList","@id":"https:\/\/www.apucafe.com\/responsabiidad\/#breadcrumb","itemListElement":[{"@type":"ListItem","position":1,"name":"Portada","item":"https:\/\/www.apucafe.com\/"},{"@type":"ListItem","position":2,"name":"Responsabilidad"}]},{"@type":"WebSite","@id":"https:\/\/www.apucafe.com\/#website","url":"https:\/\/www.apucafe.com\/","name":"Apu Caf\u00e9","description":"Caf\u00e9 Colombiano","publisher":{"@id":"https:\/\/www.apucafe.com\/#organization"},"potentialAction":[{"@type":"SearchAction","target":{"@type":"EntryPoint","urlTemplate":"https:\/\/www.apucafe.com\/?s={search_term_string}"},"query-input":{"@type":"PropertyValueSpecification","valueRequired":true,"valueName":"search_term_string"}}],"inLanguage":"en-US"},{"@type":"Organization","@id":"https:\/\/www.apucafe.com\/#organization","name":"APU Coffee","url":"https:\/\/www.apucafe.com\/","logo":{"@type":"ImageObject","inLanguage":"en-US","@id":"https:\/\/www.apucafe.com\/#\/schema\/logo\/image\/","url":"https:\/\/www.apucafe.com\/wp-content\/uploads\/2020\/11\/logo.png","contentUrl":"https:\/\/www.apucafe.com\/wp-content\/uploads\/2020\/11\/logo.png","width":664,"height":670,"caption":"APU Caf\u00e9"},"image":{"@id":"https:\/\/www.apucafe.com\/#\/schema\/logo\/image\/"},"sameAs":["https:\/\/www.facebook.com\/ApuCafe","https:\/\/www.instagram.com\/apucafe\/"]}]}},"_links":{"self":[{"href":"https:\/\/www.apucafe.com\/en\/wp-json\/wp\/v2\/pages\/6242","targetHints":{"allow":["GET"]}}],"collection":[{"href":"https:\/\/www.apucafe.com\/en\/wp-json\/wp\/v2\/pages"}],"about":[{"href":"https:\/\/www.apucafe.com\/en\/wp-json\/wp\/v2\/types\/page"}],"author":[{"embeddable":true,"href":"https:\/\/www.apucafe.com\/en\/wp-json\/wp\/v2\/users\/1"}],"replies":[{"embeddable":true,"href":"https:\/\/www.apucafe.com\/en\/wp-json\/wp\/v2\/comments?post=6242"}],"version-history":[{"count":15,"href":"https:\/\/www.apucafe.com\/en\/wp-json\/wp\/v2\/pages\/6242\/revisions"}],"predecessor-version":[{"id":6388,"href":"https:\/\/www.apucafe.com\/en\/wp-json\/wp\/v2\/pages\/6242\/revisions\/6388"}],"wp:attachment":[{"href":"https:\/\/www.apucafe.com\/en\/wp-json\/wp\/v2\/media?parent=6242"}],"curies":[{"name":"wp","href":"https:\/\/api.w.org\/{rel}","templated":true}]}}